{"id":25,"date":"2016-09-17T08:23:40","date_gmt":"2016-09-17T07:23:40","guid":{"rendered":"http:\/\/allonsenvent.be\/?page_id=25"},"modified":"2023-04-23T15:59:33","modified_gmt":"2023-04-23T14:59:33","slug":"contact","status":"publish","type":"page","link":"https:\/\/allonsenvent.be\/index.php\/contact\/","title":{"rendered":"Contact"},"content":{"rendered":"<p>Vous \u00eates coop\u00e9rateur et vous d\u00e9sirez conna\u00eetre la situation de vos parts ?<\/p>\n<p>Vous \u00eates un citoyen, une commune ou une coop\u00e9rative et avez envie de collaborer avec Allons en Vent pour un projet de production d'\u00e9nergie renouvelable ou d'utilisation rationnelle de l'\u00e9nergie (d\u00e9veloppement et\/ou financement et\/ou gestion op\u00e9rationnelle) ?<\/p>\n<p>Vous \u00eates journaliste, ou tout simplement curieux... ?<\/p>\n<p>N'h\u00e9sitez pas \u00e0 nous contacter !<\/p>\n<p>Adresse: Route de Vencimont 16, 5570 Javingue, Belgique<\/p>\n<p>T\u00e9l fixe: + 32 82 71 26 82<\/p>\n<p>T\u00e9l mobile : + 32 476 90 58 54 ou + 32 499 544 547<\/p>\n<p>Email : info (a) allonsenvent.be<\/p>\n<p>Num\u00e9ro d'entreprise et de TVA: BE 0475.987.215<\/p>\n<p>Le conseil d'administration se compose actuellement de:<\/p>\n<ul>\n<li>DESHAYES Victoria (coop\u00e9ratrice)<\/li>\n<li>HEVESI Kadosa (papa de coop\u00e9rateurs)<\/li>\n<li>LAMBIN Jean-Jacques (coop\u00e9rateur, papa de coop\u00e9rateurs, grand-p\u00e8re de coop\u00e9rateur)<\/li>\n<li>LAMBIN Guillaume (coop\u00e9rateur et papa de coop\u00e9rateur)<\/li>\n<li>VAN RILLAER Lionel (coop\u00e9rateur et papa de coop\u00e9rateurs)<\/li>\n<\/ul>\n","protected":false},"excerpt":{"rendered":"<p>Vous \u00eates coop\u00e9rateur et vous d\u00e9sirez conna\u00eetre la situation de vos parts ? Vous \u00eates un citoyen, une commune ou une coop\u00e9rative et avez envie de collaborer avec Allons en Vent pour un projet de production d'\u00e9nergie renouvelable ou d'utilisation rationnelle de l'\u00e9nergie (d\u00e9veloppement et\/ou financement et\/ou gestion op\u00e9rationnelle) ? Vous \u00eates journaliste, ou tout <a href=\"https:\/\/allonsenvent.be\/index.php\/contact\/\" class=\"more-link\">...continuer la lecture de<span class=\"screen-reader-text\"> \"Contact\"<\/span><\/a><\/p>\n","protected":false},"author":1,"featured_media":0,"parent":0,"menu_order":0,"comment_status":"closed","ping_status":"closed","template":"","meta":{"_uag_custom_page_level_css":"","footnotes":""},"class_list":["post-25","page","type-page","status-publish","h-entry","hentry","h-as-page"],"uagb_featured_image_src":{"full":false,"thumbnail":false,"medium":false,"medium_large":false,"large":false,"1536x1536":false,"2048x2048":false,"custom-header-image":false},"uagb_author_info":{"display_name":"AEV","author_link":"https:\/\/allonsenvent.be\/index.php\/author\/admin1371\/"},"uagb_comment_info":0,"uagb_excerpt":"Vous \u00eates coop\u00e9rateur et vous d\u00e9sirez conna\u00eetre la situation de vos parts ? Vous \u00eates un citoyen, une commune ou une coop\u00e9rative et avez envie de collaborer avec Allons en Vent pour un projet de production d'\u00e9nergie renouvelable ou d'utilisation rationnelle de l'\u00e9nergie (d\u00e9veloppement et\/ou financement et\/ou gestion op\u00e9rationnelle) ? Vous \u00eates journaliste, ou tout\u2026","_links":{"self":[{"href":"https:\/\/allonsenvent.be\/index.php\/wp-json\/wp\/v2\/pages\/25","targetHints":{"allow":["GET"]}}],"collection":[{"href":"https:\/\/allonsenvent.be\/index.php\/wp-json\/wp\/v2\/pages"}],"about":[{"href":"https:\/\/allonsenvent.be\/index.php\/wp-json\/wp\/v2\/types\/page"}],"author":[{"embeddable":true,"href":"https:\/\/allonsenvent.be\/index.php\/wp-json\/wp\/v2\/users\/1"}],"replies":[{"embeddable":true,"href":"https:\/\/allonsenvent.be\/index.php\/wp-json\/wp\/v2\/comments?post=25"}],"version-history":[{"count":8,"href":"https:\/\/allonsenvent.be\/index.php\/wp-json\/wp\/v2\/pages\/25\/revisions"}],"predecessor-version":[{"id":700,"href":"https:\/\/allonsenvent.be\/index.php\/wp-json\/wp\/v2\/pages\/25\/revisions\/700"}],"wp:attachment":[{"href":"https:\/\/allonsenvent.be\/index.php\/wp-json\/wp\/v2\/media?parent=25"}],"curies":[{"name":"wp","href":"https:\/\/api.w.org\/{rel}","templated":true}]}}